{"id":9831,"date":"2023-03-17T23:09:09","date_gmt":"2023-03-17T22:09:09","guid":{"rendered":"https:\/\/www.cse.sn\/?page_id=9831"},"modified":"2023-03-21T14:40:51","modified_gmt":"2023-03-21T13:40:51","slug":"gestion-des-ressources-naturelles-et-securite-alimentaire","status":"publish","type":"page","link":"https:\/\/www.cse.sn\/?page_id=9831","title":{"rendered":"Gestion des Ressources naturelles et S\u00e9curit\u00e9 alimentaire"},"content":{"rendered":"\t\t<div data-elementor-type=\"wp-page\" data-elementor-id=\"9831\" class=\"elementor elementor-9831\" data-elementor-post-type=\"page\">\n\t\t\t\t\t\t\t\t\t<section data-particle_enable=\"false\" data-particle-mobile-disabled=\"false\" class=\"elementor-section elementor-top-section elementor-element elementor-element-ca007d8 elementor-section-boxed elementor-section-height-default elementor-section-height-default\" data-id=\"ca007d8\" data-element_type=\"section\">\n\t\t\t\t\t\t<div class=\"elementor-container elementor-column-gap-default\">\n\t\t\t\t\t<div class=\"elementor-column elementor-col-100 elementor-top-column elementor-element elementor-element-0fb6a01\" data-id=\"0fb6a01\" data-element_type=\"column\">\n\t\t\t<div class=\"elementor-widget-wrap elementor-element-populated\">\n\t\t\t\t\t\t\t\t<div class=\"elementor-element elementor-element-82a0136 elementor-widget elementor-widget-eael-adv-tabs\" data-id=\"82a0136\" data-element_type=\"widget\" data-widget_type=\"eael-adv-tabs.default\">\n\t\t\t\t<div class=\"elementor-widget-container\">\n\t\t\t        <div id=\"eael-advance-tabs-82a0136\" class=\"eael-advance-tabs eael-tabs-vertical eael-tab-auto-active\" data-tabid=\"82a0136\">\n            <div class=\"eael-tabs-nav\">\n                <ul class=\"eael-tab-inline-icon\">\n                                            <li id=\"mission\" class=\"inactive eael-tab-item-trigger\" aria-selected=\"true\" data-tab=\"1\" role=\"tab\" tabindex=\"0\" aria-controls=\"mission-tab\" aria-expanded=\"false\">\n                            \n                                                                <i class=\"fas fa-leaf\"><\/i>                                                            \n                                                            <span class=\"eael-tab-title  title-after-icon\">Mission<\/span>                            \n                                                    <\/li>\n                                            <li id=\"objectifs-globaux\" class=\"inactive eael-tab-item-trigger\" aria-selected=\"false\" data-tab=\"2\" role=\"tab\" tabindex=\"-1\" aria-controls=\"objectifs-globaux-tab\" aria-expanded=\"false\">\n                            \n                                                                <img decoding=\"async\" src=\"https:\/\/www.cse.sn\/wp-content\/uploads\/2023\/03\/icons8-objectif-50.png\" alt=\"\">\n                                                            \n                                                            <span class=\"eael-tab-title  title-after-icon\">Objectifs globaux<\/span>                            \n                                                    <\/li>\n                                            <li id=\"projetsprogrammes\" class=\"inactive eael-tab-item-trigger\" aria-selected=\"false\" data-tab=\"3\" role=\"tab\" tabindex=\"-1\" aria-controls=\"projetsprogrammes-tab\" aria-expanded=\"false\">\n                            \n                                                                <i class=\"fas fa-project-diagram\"><\/i>                                                            \n                                                            <span class=\"eael-tab-title  title-after-icon\">Projets\/programmes\u00a0<\/span>                            \n                                                    <\/li>\n                                            <li id=\"ralisations-rcentes-\" class=\"inactive eael-tab-item-trigger\" aria-selected=\"false\" data-tab=\"4\" role=\"tab\" tabindex=\"-1\" aria-controls=\"ralisations-rcentes--tab\" aria-expanded=\"false\">\n                            \n                                                                <img decoding=\"async\" src=\"https:\/\/www.cse.sn\/wp-content\/uploads\/2023\/03\/icons8-good-64.png\" alt=\"\">\n                                                            \n                                                            <span class=\"eael-tab-title  title-after-icon\">R\u00e9alisations r\u00e9centes <\/span>                            \n                                                    <\/li>\n                                            <li id=\"perspectives\" class=\"inactive eael-tab-item-trigger\" aria-selected=\"false\" data-tab=\"5\" role=\"tab\" tabindex=\"-1\" aria-controls=\"perspectives-tab\" aria-expanded=\"false\">\n                            \n                                                                <i class=\"far fa-eye\"><\/i>                                                            \n                                                            <span class=\"eael-tab-title  title-after-icon\">Perspectives<\/span>                            \n                                                    <\/li>\n                                    <\/ul>\n            <\/div>\n            \n            <div class=\"eael-tabs-content\">\n\t\t        \n                    <div id=\"mission-tab\" class=\"clearfix eael-tab-content-item inactive\" data-title-link=\"mission-tab\">\n\t\t\t\t        \t\t\t\t\t        <p>Soutenir les efforts du gouvernement et des partenaires institutionnels dans la mise en \u0153uvre des politiques publiques dans le domaine \u00ab <em>de la Gestion des Ressources Naturelles et la S\u00e9curit\u00e9 alimentaire<\/em>\u00a0\u00bb, en ad\u00e9quation les th\u00e9matiques \u00e9mergentes et les nouvelles orientations politiques au niveau national et sous-r\u00e9gional.\u00a0<\/p>\t\t\t\t                            <\/div>\n\t\t        \n                    <div id=\"objectifs-globaux-tab\" class=\"clearfix eael-tab-content-item inactive\" data-title-link=\"objectifs-globaux-tab\">\n\t\t\t\t        \t\t\t\t\t        <ul><li>Contribuer \u00e0 l\u2019am\u00e9lioration de la gouvernance des ressources naturelles au niveau national et r\u00e9gional par la mise en place d\u2019outils, d\u2019approches, de produits innovants, et par la mobilisation de ressources ;<\/li><li>Mettre \u00e0 la disposition de l'\u00c9tat et des partenaires institutionnels des produits de veille li\u00e9s \u00e0 la S\u00e9curit\u00e9 Alimentaire ;<\/li><li>Accompagner\/soutenir l\u2019Etat et les collectivit\u00e9s territoriales dans la mise en \u0153uvre des politiques et programmes de gouvernance des ressources naturelles ;<\/li><li>Identifier et d\u00e9velopper des th\u00e9matiques majeures dans le domaine de l\u2019environnement et du d\u00e9veloppement durable.<\/li><\/ul>\t\t\t\t                            <\/div>\n\t\t        \n                    <div id=\"projetsprogrammes-tab\" class=\"clearfix eael-tab-content-item inactive\" data-title-link=\"projetsprogrammes-tab\">\n\t\t\t\t        \t\t\t\t\t        <ol><li>Cartographie des indicateurs de protection sociale, de s\u00e9curit\u00e9 alimentaire et nutrition (AgriSAN 2).<\/li><li>Gestion durable des zones humides pour le renforcement de la s\u00e9curit\u00e9 alimentaire et de la r\u00e9silience des \u00e9cosyst\u00e8mes en Afrique de l\u2019Ouest (GDZHAO)<\/li><li>Mise en place de l\u2019Observatoire R\u00e9gional pour la biodiversit\u00e9 et les aires prot\u00e9g\u00e9es en Afrique de l\u2019Ouest (OBAPAO) dans le cadre de BIOPAMA <\/li><li>Appui \u00e0 la mise en place du Syst\u00e8me d\u2019information r\u00e9gional de r\u00e9f\u00e9rence (RRIS) de l\u2019OBAPAO.<\/li><\/ol>\t\t\t\t                            <\/div>\n\t\t        \n                    <div id=\"ralisations-rcentes--tab\" class=\"clearfix eael-tab-content-item inactive\" data-title-link=\"ralisations-rcentes--tab\">\n\t\t\t\t        \t\t\t\t\t        \t\t\t\t                            <\/div>\n\t\t        \n                    <div id=\"perspectives-tab\" class=\"clearfix eael-tab-content-item inactive\" data-title-link=\"perspectives-tab\">\n\t\t\t\t        \t\t\t\t\t        \t\t\t\t                            <\/div>\n\t\t                    <\/div>\n        <\/div>\n\t\t<\/div>\n\t\t\t\t<\/div>\n\t\t\t\t\t<\/div>\n\t\t<\/div>\n\t\t\t\t\t\t\t<\/div>\n\t\t<\/section>\n\t\t\t\t\t\t\t<\/div>\n\t\t","protected":false},"excerpt":{"rendered":"<p>Mission Objectifs globaux Projets\/programmes\u00a0 R\u00e9alisations r\u00e9centes Perspectives Soutenir les efforts du gouvernement et des partenaires institutionnels dans la mise en \u0153uvre des politiques publiques dans le domaine \u00ab de la Gestion des Ressources Naturelles et la S\u00e9curit\u00e9 alimentaire\u00a0\u00bb, en ad\u00e9quation les th\u00e9matiques \u00e9mergentes et les nouvelles orientations politiques au niveau national et sous-r\u00e9gional.\u00a0 Contribuer \u00e0 [&hellip;]<\/p>\n","protected":false},"author":1,"featured_media":0,"parent":0,"menu_order":0,"comment_status":"closed","ping_status":"closed","template":"","meta":{"inline_featured_image":false,"cybocfi_hide_featured_image":"","footnotes":""},"class_list":["post-9831","page","type-page","status-publish","hentry"],"yoast_head":"<!-- This site is optimized with the Yoast SEO plugin v27.5 - https:\/\/yoast.com\/product\/yoast-seo-wordpress\/ -->\n<title>Gestion des Ressources naturelles et S\u00e9curit\u00e9 alimentaire - Centre de Suivi \u00c9cologique<\/title>\n<meta name=\"robots\" content=\"index, follow, max-snippet:-1, max-image-preview:large, max-video-preview:-1\" \/>\n<link rel=\"canonical\" href=\"https:\/\/www.cse.sn\/?page_id=9831\" \/>\n<meta property=\"og:locale\" content=\"fr_FR\" \/>\n<meta property=\"og:type\" content=\"article\" \/>\n<meta property=\"og:title\" content=\"Gestion des Ressources naturelles et S\u00e9curit\u00e9 alimentaire - Centre de Suivi \u00c9cologique\" \/>\n<meta property=\"og:description\" content=\"Mission Objectifs globaux Projets\/programmes\u00a0 R\u00e9alisations r\u00e9centes Perspectives Soutenir les efforts du gouvernement et des partenaires institutionnels dans la mise en \u0153uvre des politiques publiques dans le domaine \u00ab de la Gestion des Ressources Naturelles et la S\u00e9curit\u00e9 alimentaire\u00a0\u00bb, en ad\u00e9quation les th\u00e9matiques \u00e9mergentes et les nouvelles orientations politiques au niveau national et sous-r\u00e9gional.\u00a0 Contribuer \u00e0 [&hellip;]\" \/>\n<meta property=\"og:url\" content=\"https:\/\/www.cse.sn\/?page_id=9831\" \/>\n<meta property=\"og:site_name\" content=\"Centre de Suivi \u00c9cologique\" \/>\n<meta property=\"article:modified_time\" content=\"2023-03-21T13:40:51+00:00\" \/>\n<meta property=\"og:image\" content=\"https:\/\/www.cse.sn\/wp-content\/uploads\/2023\/03\/icons8-objectif-50.png\" \/>\n<meta name=\"twitter:card\" content=\"summary_large_image\" \/>\n<meta name=\"twitter:label1\" content=\"Dur\u00e9e de lecture estim\u00e9e\" \/>\n\t<meta name=\"twitter:data1\" content=\"1 minute\" \/>\n<script type=\"application\/ld+json\" class=\"yoast-schema-graph\">{\"@context\":\"https:\\\/\\\/schema.org\",\"@graph\":[{\"@type\":\"WebPage\",\"@id\":\"https:\\\/\\\/www.cse.sn\\\/?page_id=9831\",\"url\":\"https:\\\/\\\/www.cse.sn\\\/?page_id=9831\",\"name\":\"Gestion des Ressources naturelles et S\u00e9curit\u00e9 alimentaire - Centre de Suivi \u00c9cologique\",\"isPartOf\":{\"@id\":\"https:\\\/\\\/www.cse.sn\\\/#website\"},\"primaryImageOfPage\":{\"@id\":\"https:\\\/\\\/www.cse.sn\\\/?page_id=9831#primaryimage\"},\"image\":{\"@id\":\"https:\\\/\\\/www.cse.sn\\\/?page_id=9831#primaryimage\"},\"thumbnailUrl\":\"https:\\\/\\\/www.cse.sn\\\/wp-content\\\/uploads\\\/2023\\\/03\\\/icons8-objectif-50.png\",\"datePublished\":\"2023-03-17T22:09:09+00:00\",\"dateModified\":\"2023-03-21T13:40:51+00:00\",\"inLanguage\":\"fr-FR\",\"potentialAction\":[{\"@type\":\"ReadAction\",\"target\":[\"https:\\\/\\\/www.cse.sn\\\/?page_id=9831\"]}]},{\"@type\":\"ImageObject\",\"inLanguage\":\"fr-FR\",\"@id\":\"https:\\\/\\\/www.cse.sn\\\/?page_id=9831#primaryimage\",\"url\":\"https:\\\/\\\/www.cse.sn\\\/wp-content\\\/uploads\\\/2023\\\/03\\\/icons8-objectif-50.png\",\"contentUrl\":\"https:\\\/\\\/www.cse.sn\\\/wp-content\\\/uploads\\\/2023\\\/03\\\/icons8-objectif-50.png\",\"width\":50,\"height\":50},{\"@type\":\"WebSite\",\"@id\":\"https:\\\/\\\/www.cse.sn\\\/#website\",\"url\":\"https:\\\/\\\/www.cse.sn\\\/\",\"name\":\"Centre de Suivi \u00c9cologique\",\"description\":\"\",\"publisher\":{\"@id\":\"https:\\\/\\\/www.cse.sn\\\/#organization\"},\"potentialAction\":[{\"@type\":\"SearchAction\",\"target\":{\"@type\":\"EntryPoint\",\"urlTemplate\":\"https:\\\/\\\/www.cse.sn\\\/?s={search_term_string}\"},\"query-input\":{\"@type\":\"PropertyValueSpecification\",\"valueRequired\":true,\"valueName\":\"search_term_string\"}}],\"inLanguage\":\"fr-FR\"},{\"@type\":\"Organization\",\"@id\":\"https:\\\/\\\/www.cse.sn\\\/#organization\",\"name\":\"Centre de Suivi \u00c9cologique\",\"url\":\"https:\\\/\\\/www.cse.sn\\\/\",\"logo\":{\"@type\":\"ImageObject\",\"inLanguage\":\"fr-FR\",\"@id\":\"https:\\\/\\\/www.cse.sn\\\/#\\\/schema\\\/logo\\\/image\\\/\",\"url\":\"https:\\\/\\\/www.cse.sn\\\/wp-content\\\/uploads\\\/2023\\\/03\\\/logo-cse-siteweb.png\",\"contentUrl\":\"https:\\\/\\\/www.cse.sn\\\/wp-content\\\/uploads\\\/2023\\\/03\\\/logo-cse-siteweb.png\",\"width\":234,\"height\":90,\"caption\":\"Centre de Suivi \u00c9cologique\"},\"image\":{\"@id\":\"https:\\\/\\\/www.cse.sn\\\/#\\\/schema\\\/logo\\\/image\\\/\"}}]}<\/script>\n<!-- \/ Yoast SEO plugin. -->","yoast_head_json":{"title":"Gestion des Ressources naturelles et S\u00e9curit\u00e9 alimentaire - Centre de Suivi \u00c9cologique","robots":{"index":"index","follow":"follow","max-snippet":"max-snippet:-1","max-image-preview":"max-image-preview:large","max-video-preview":"max-video-preview:-1"},"canonical":"https:\/\/www.cse.sn\/?page_id=9831","og_locale":"fr_FR","og_type":"article","og_title":"Gestion des Ressources naturelles et S\u00e9curit\u00e9 alimentaire - Centre de Suivi \u00c9cologique","og_description":"Mission Objectifs globaux Projets\/programmes\u00a0 R\u00e9alisations r\u00e9centes Perspectives Soutenir les efforts du gouvernement et des partenaires institutionnels dans la mise en \u0153uvre des politiques publiques dans le domaine \u00ab de la Gestion des Ressources Naturelles et la S\u00e9curit\u00e9 alimentaire\u00a0\u00bb, en ad\u00e9quation les th\u00e9matiques \u00e9mergentes et les nouvelles orientations politiques au niveau national et sous-r\u00e9gional.\u00a0 Contribuer \u00e0 [&hellip;]","og_url":"https:\/\/www.cse.sn\/?page_id=9831","og_site_name":"Centre de Suivi \u00c9cologique","article_modified_time":"2023-03-21T13:40:51+00:00","og_image":[{"url":"https:\/\/www.cse.sn\/wp-content\/uploads\/2023\/03\/icons8-objectif-50.png","type":"","width":"","height":""}],"twitter_card":"summary_large_image","twitter_misc":{"Dur\u00e9e de lecture estim\u00e9e":"1 minute"},"schema":{"@context":"https:\/\/schema.org","@graph":[{"@type":"WebPage","@id":"https:\/\/www.cse.sn\/?page_id=9831","url":"https:\/\/www.cse.sn\/?page_id=9831","name":"Gestion des Ressources naturelles et S\u00e9curit\u00e9 alimentaire - Centre de Suivi \u00c9cologique","isPartOf":{"@id":"https:\/\/www.cse.sn\/#website"},"primaryImageOfPage":{"@id":"https:\/\/www.cse.sn\/?page_id=9831#primaryimage"},"image":{"@id":"https:\/\/www.cse.sn\/?page_id=9831#primaryimage"},"thumbnailUrl":"https:\/\/www.cse.sn\/wp-content\/uploads\/2023\/03\/icons8-objectif-50.png","datePublished":"2023-03-17T22:09:09+00:00","dateModified":"2023-03-21T13:40:51+00:00","inLanguage":"fr-FR","potentialAction":[{"@type":"ReadAction","target":["https:\/\/www.cse.sn\/?page_id=9831"]}]},{"@type":"ImageObject","inLanguage":"fr-FR","@id":"https:\/\/www.cse.sn\/?page_id=9831#primaryimage","url":"https:\/\/www.cse.sn\/wp-content\/uploads\/2023\/03\/icons8-objectif-50.png","contentUrl":"https:\/\/www.cse.sn\/wp-content\/uploads\/2023\/03\/icons8-objectif-50.png","width":50,"height":50},{"@type":"WebSite","@id":"https:\/\/www.cse.sn\/#website","url":"https:\/\/www.cse.sn\/","name":"Centre de Suivi \u00c9cologique","description":"","publisher":{"@id":"https:\/\/www.cse.sn\/#organization"},"potentialAction":[{"@type":"SearchAction","target":{"@type":"EntryPoint","urlTemplate":"https:\/\/www.cse.sn\/?s={search_term_string}"},"query-input":{"@type":"PropertyValueSpecification","valueRequired":true,"valueName":"search_term_string"}}],"inLanguage":"fr-FR"},{"@type":"Organization","@id":"https:\/\/www.cse.sn\/#organization","name":"Centre de Suivi \u00c9cologique","url":"https:\/\/www.cse.sn\/","logo":{"@type":"ImageObject","inLanguage":"fr-FR","@id":"https:\/\/www.cse.sn\/#\/schema\/logo\/image\/","url":"https:\/\/www.cse.sn\/wp-content\/uploads\/2023\/03\/logo-cse-siteweb.png","contentUrl":"https:\/\/www.cse.sn\/wp-content\/uploads\/2023\/03\/logo-cse-siteweb.png","width":234,"height":90,"caption":"Centre de Suivi \u00c9cologique"},"image":{"@id":"https:\/\/www.cse.sn\/#\/schema\/logo\/image\/"}}]}},"_links":{"self":[{"href":"https:\/\/www.cse.sn\/index.php?rest_route=\/wp\/v2\/pages\/9831","targetHints":{"allow":["GET"]}}],"collection":[{"href":"https:\/\/www.cse.sn\/index.php?rest_route=\/wp\/v2\/pages"}],"about":[{"href":"https:\/\/www.cse.sn\/index.php?rest_route=\/wp\/v2\/types\/page"}],"author":[{"embeddable":true,"href":"https:\/\/www.cse.sn\/index.php?rest_route=\/wp\/v2\/users\/1"}],"replies":[{"embeddable":true,"href":"https:\/\/www.cse.sn\/index.php?rest_route=%2Fwp%2Fv2%2Fcomments&post=9831"}],"version-history":[{"count":19,"href":"https:\/\/www.cse.sn\/index.php?rest_route=\/wp\/v2\/pages\/9831\/revisions"}],"predecessor-version":[{"id":10536,"href":"https:\/\/www.cse.sn\/index.php?rest_route=\/wp\/v2\/pages\/9831\/revisions\/10536"}],"wp:attachment":[{"href":"https:\/\/www.cse.sn\/index.php?rest_route=%2Fwp%2Fv2%2Fmedia&parent=9831"}],"curies":[{"name":"wp","href":"https:\/\/api.w.org\/{rel}","templated":true}]}}